{"id":12604,"date":"2025-10-28T15:06:36","date_gmt":"2025-10-28T15:06:36","guid":{"rendered":"https:\/\/aalborgguitarfestival.com\/?page_id=12604"},"modified":"2025-10-28T15:06:36","modified_gmt":"2025-10-28T15:06:36","slug":"carlos-pinana-gruppen","status":"publish","type":"page","link":"https:\/\/aalborgguitarfestival.com\/da\/carlos-pinana-gruppen\/","title":{"rendered":"Carlos Pi\u00f1ana-gruppen"},"content":{"rendered":"\t\t<div data-elementor-type=\"wp-page\" data-elementor-id=\"12604\" class=\"elementor elementor-12604 elementor-12603\" data-elementor-post-type=\"page\">\n\t\t\t\t<div class=\"elementor-element elementor-element-edbc36e e-flex e-con-boxed e-con e-parent\" data-id=\"edbc36e\" data-element_type=\"container\">\n\t\t\t\t\t<div class=\"e-con-inner\">\n\t\t\t\t<div class=\"elementor-element elementor-element-7f9c6c2 elementor-widget__width-inherit elementor-widget elementor-widget-spacer\" data-id=\"7f9c6c2\" data-element_type=\"widget\" data-widget_type=\"spacer.default\">\n\t\t\t\t<div class=\"elementor-widget-container\">\n\t\t\t\t\t\t\t<div class=\"elementor-spacer\">\n\t\t\t<div class=\"elementor-spacer-inner\"><\/div>\n\t\t<\/div>\n\t\t\t\t\t\t<\/div>\n\t\t\t\t<\/div>\n\t\t\t\t\t<\/div>\n\t\t\t\t<\/div>\n\t\t<div class=\"elementor-element elementor-element-4879c77 e-flex e-con-boxed e-con e-parent\" data-id=\"4879c77\" data-element_type=\"container\">\n\t\t\t\t\t<div class=\"e-con-inner\">\n\t\t\t\t<div class=\"elementor-element elementor-element-4a19269 elementor-widget elementor-widget-heading\" data-id=\"4a19269\" data-element_type=\"widget\" data-widget_type=\"heading.default\">\n\t\t\t\t<div class=\"elementor-widget-container\">\n\t\t\t\t\t<h2 class=\"elementor-heading-title elementor-size-default\">Carlos Pi\u00f1ana-gruppen<\/h2>\t\t\t\t<\/div>\n\t\t\t\t<\/div>\n\t\t\t\t\t<\/div>\n\t\t\t\t<\/div>\n\t\t<div class=\"elementor-element elementor-element-b91ba85 e-flex e-con-boxed e-con e-parent\" data-id=\"b91ba85\" data-element_type=\"container\">\n\t\t\t\t\t<div class=\"e-con-inner\">\n\t\t<div class=\"elementor-element elementor-element-5f74249 e-con-full e-flex e-con e-child\" data-id=\"5f74249\" data-element_type=\"container\">\n\t\t\t\t<div class=\"elementor-element elementor-element-610aca5 elementor-widget elementor-widget-text-editor\" data-id=\"610aca5\" data-element_type=\"widget\" data-widget_type=\"text-editor.default\">\n\t\t\t\t<div class=\"elementor-widget-container\">\n\t\t\t\t\t\t\t\t\t<p dir=\"ltr\" data-placeholder=\"Translation\" data-ved=\"2ahUKEwir3KOS7O2NAxX_R_EDHSMcK-UQ3ewLegQIDRAV\" aria-label=\"Translated text: We welcome you to this year's opening concert!  Violinist Lada Fedorova and guitarist Frederik Munk Larsen present a program that focuses on both gentle and temperamental music from Southern Europe and South America.\"><span style=\"background-color: transparent; color: #080809; font-family: Arial, sans-serif; font-size: 11.5pt; white-space-collapse: preserve;\">Flamencostjerner bes\u00f8ger Aalborg, n\u00e5r Carlos Pi\u00f1ana Group g\u00e6ster Folkekirkens hus med forestillingen \u00bbFLAMENCO MA NON TROPPO komponeret af Carlos Pi\u00f1ana\u00ab<\/span><span style=\"font-style: inherit; font-weight: inherit;\">.<\/span><\/p><p dir=\"ltr\" data-placeholder=\"Translation\" data-ved=\"2ahUKEwir3KOS7O2NAxX_R_EDHSMcK-UQ3ewLegQIDRAV\" aria-label=\"Translated text: We welcome you to this year's opening concert!  Violinist Lada Fedorova and guitarist Frederik Munk Larsen present a program that focuses on both gentle and temperamental music from Southern Europe and South America.\"><\/p><p>N\u00e5r k\u00e6kheden og drivkraften f\u00e5r to kroppe til at reagere ud fra k\u00e6rlighed og behov, uh\u00f8jtideligt, er resultatet derfor naturligt. Forpligtet p\u00e5 dansen og musikken, respekten for den rene flamenco og fusionen med den klassiske spanske musiktradition er \u00bbFlamenco Non Troppo\u00ab f\u00f8dt. Et kunstnerisk projekt, der p\u00e5 en ordnet og p\u00e6n m\u00e5de fremh\u00e6ver alt det, der m\u00e6rkes, n\u00e5r to kroppe g\u00e5r gennem en scene med den autenticitet, som alle b\u00e6rer indeni.  <\/p><p>Carlos Pi\u00f1ana og Guillermo Ojados tager os med til essensen af flamenco og klassisk spansk dans med en meget personlig stil, fuld af de elementer, der definerer dansens \u00e6stetik: styrke, lyrisme, pr\u00e6cision, f\u00f8lelse og teknik.<\/p><p dir=\"ltr\" data-placeholder=\"Translation\" data-ved=\"2ahUKEwir3KOS7O2NAxX_R_EDHSMcK-UQ3ewLegQIDRAV\" aria-label=\"Translated text: We welcome you to this year's opening concert!  Violinist Lada Fedorova and guitarist Frederik Munk Larsen present a program that focuses on both gentle and temperamental music from Southern Europe and South America.\"><\/p>\t\t\t\t\t\t\t\t<\/div>\n\t\t\t\t<\/div>\n\t\t\t\t<\/div>\n\t\t<div class=\"elementor-element elementor-element-db09627 e-con-full e-flex e-con e-child\" data-id=\"db09627\" data-element_type=\"container\">\n\t\t\t\t<div class=\"elementor-element elementor-element-20890fe elementor-widget elementor-widget-image\" data-id=\"20890fe\" data-element_type=\"widget\" data-widget_type=\"image.default\">\n\t\t\t\t<div class=\"elementor-widget-container\">\n\t\t\t\t\t\t\t\t\t\t\t\t\t\t\t<img fetchpriority=\"high\" decoding=\"async\" width=\"768\" height=\"432\" src=\"https:\/\/aalborgguitarfestival.com\/wp-content\/uploads\/2025\/06\/Carlos-group-768x432.jpg\" class=\"attachment-medium_large size-medium_large wp-image-12608\" alt=\"\" srcset=\"https:\/\/aalborgguitarfestival.com\/wp-content\/uploads\/2025\/06\/Carlos-group-768x432.jpg 768w, https:\/\/aalborgguitarfestival.com\/wp-content\/uploads\/2025\/06\/Carlos-group-300x169.jpg 300w, https:\/\/aalborgguitarfestival.com\/wp-content\/uploads\/2025\/06\/Carlos-group-1024x576.jpg 1024w, https:\/\/aalborgguitarfestival.com\/wp-content\/uploads\/2025\/06\/Carlos-group-1536x864.jpg 1536w, https:\/\/aalborgguitarfestival.com\/wp-content\/uploads\/2025\/06\/Carlos-group-2048x1152.jpg 2048w\" sizes=\"(max-width: 768px) 100vw, 768px\" \/>\t\t\t\t\t\t\t\t\t\t\t\t\t\t\t<\/div>\n\t\t\t\t<\/div>\n\t\t\t\t<div class=\"elementor-element elementor-element-6a6854e elementor-widget elementor-widget-heading\" data-id=\"6a6854e\" data-element_type=\"widget\" data-widget_type=\"heading.default\">\n\t\t\t\t<div class=\"elementor-widget-container\">\n\t\t\t\t\t<h2 class=\"elementor-heading-title elementor-size-default\">Billetter<\/h2>\t\t\t\t<\/div>\n\t\t\t\t<\/div>\n\t\t\t\t<div class=\"elementor-element elementor-element-6d9baab elementor-widget elementor-widget-text-editor\" data-id=\"6d9baab\" data-element_type=\"widget\" data-widget_type=\"text-editor.default\">\n\t\t\t\t<div class=\"elementor-widget-container\">\n\t\t\t\t\t\t\t\t\t<h6 class=\"p1\"><strong>Sted: Folkekirkens Hus, Gammeltorv 4, 9000 Aalborg<\/strong><\/h6><p>To koncerter: 16:00 og 19:30<\/p>\t\t\t\t\t\t\t\t<\/div>\n\t\t\t\t<\/div>\n\t\t<div class=\"elementor-element elementor-element-3fd7f4d e-grid e-con-full e-con e-child\" data-id=\"3fd7f4d\" data-element_type=\"container\">\n\t\t\t\t<div class=\"elementor-element elementor-element-8153635 elementor-widget elementor-widget-button\" data-id=\"8153635\" data-element_type=\"widget\" data-widget_type=\"button.default\">\n\t\t\t\t<div class=\"elementor-widget-container\">\n\t\t\t\t\t\t\t\t\t<div class=\"elementor-button-wrapper\">\n\t\t\t\t\t<a class=\"elementor-button elementor-button-link elementor-size-sm\" href=\"https:\/\/www.place2book.com\/da\/sw2\/sales\/8vvqb9v5cz\">\n\t\t\t\t\t\t<span class=\"elementor-button-content-wrapper\">\n\t\t\t\t\t\t\t\t\t<span class=\"elementor-button-text\">16:00<\/span>\n\t\t\t\t\t<\/span>\n\t\t\t\t\t<\/a>\n\t\t\t\t<\/div>\n\t\t\t\t\t\t\t\t<\/div>\n\t\t\t\t<\/div>\n\t\t\t\t<div class=\"elementor-element elementor-element-3f24d3c elementor-widget elementor-widget-button\" data-id=\"3f24d3c\" data-element_type=\"widget\" data-widget_type=\"button.default\">\n\t\t\t\t<div class=\"elementor-widget-container\">\n\t\t\t\t\t\t\t\t\t<div class=\"elementor-button-wrapper\">\n\t\t\t\t\t<a class=\"elementor-button elementor-button-link elementor-size-sm\" href=\"https:\/\/www.place2book.com\/da\/sw2\/sales\/51ansh3xt1\">\n\t\t\t\t\t\t<span class=\"elementor-button-content-wrapper\">\n\t\t\t\t\t\t\t\t\t<span class=\"elementor-button-text\">19:30<\/span>\n\t\t\t\t\t<\/span>\n\t\t\t\t\t<\/a>\n\t\t\t\t<\/div>\n\t\t\t\t\t\t\t\t<\/div>\n\t\t\t\t<\/div>\n\t\t\t\t<\/div>\n\t\t\t\t<\/div>\n\t\t\t\t\t<\/div>\n\t\t\t\t<\/div>\n\t\t<div class=\"elementor-element elementor-element-1c5e115 e-flex e-con-boxed e-con e-parent\" data-id=\"1c5e115\" data-element_type=\"container\">\n\t\t\t\t\t<div class=\"e-con-inner\">\n\t\t\t\t<div class=\"elementor-element elementor-element-c75e1e2 elementor-widget elementor-widget-heading\" data-id=\"c75e1e2\" data-element_type=\"widget\" data-widget_type=\"heading.default\">\n\t\t\t\t<div class=\"elementor-widget-container\">\n\t\t\t\t\t<h2 class=\"elementor-heading-title elementor-size-default\">Kunstnerne<\/h2>\t\t\t\t<\/div>\n\t\t\t\t<\/div>\n\t\t\t\t\t<\/div>\n\t\t\t\t<\/div>\n\t\t<div class=\"elementor-element elementor-element-4f3126c e-flex e-con-boxed e-con e-parent\" data-id=\"4f3126c\" data-element_type=\"container\">\n\t\t\t\t\t<div class=\"e-con-inner\">\n\t\t<div class=\"elementor-element elementor-element-3655a41 e-con-full e-flex e-con e-child\" data-id=\"3655a41\" data-element_type=\"container\">\n\t\t\t\t<div class=\"elementor-element elementor-element-3eae0e7 elementor-widget elementor-widget-text-editor\" data-id=\"3eae0e7\" data-element_type=\"widget\" data-widget_type=\"text-editor.default\">\n\t\t\t\t<div class=\"elementor-widget-container\">\n\t\t\t\t\t\t\t\t\t<p><span style=\"font-weight: 400;\"><strong>Carlos Pi\u00f1ana<\/strong><br><\/span><\/p><p><span style=\"font-weight: 400;\">Carlos Pi\u00f1ana (Cartagena, 1976) er uddannet fra Murcias musikkonservatorium og har en mastergrad i musikalske unders\u00f8gelser fra Murcias universitet. Han tilh\u00f8rer en familie med stor flamencotradition, han er barnebarn af Antonio Pi\u00f1ana (far), patriark for &#8220;cantes mineros&#8221;, og hans far er den kendte guitarist Antonio Pi\u00f1ana (s\u00f8n). Carlos har levet og \u00e5ndet for flamenco siden barndommen. Hans f\u00f8rste guitarl\u00e6rer var hans far Antonio Pi\u00f1ana, som fra starten bidrog til Carlos&#8217; udvikling som guitarist.   <\/span><\/p><p><span style=\"font-weight: 400;\">I 1990 begynder Carlos at studere klassisk guitar p\u00e5 musikkonservatoriet i Cartagena, samtidig med at han udforsker flamencoguitar, hvor han snart vil skille sig ud. Et bevis p\u00e5 dette er de mange priser, han har modtaget, f.eks: F\u00f8rsteprisen og Bord\u00f3n Minero ved den internationale festival Cantes Mineros (1996), den nationale pris for koncertguitar Ramon Montoya ved Cordoba Flamenco Art Festival (1998), f\u00f8rsteprisen Sabicas ved Calasparras nationale festival for unge flamencos, prisen Importante&#8217;98, der blev uddelt af avisen La Opini\u00f3n de Murcia. I 2001 gav Emma Egea-fonden ham Alumbre 2001-prisen som anerkendelse af hans engagement og arbejde. Carlos har optr\u00e5dt i New York, Paris, Poznan, Krumlov, London, Frankfurt, M\u00fcnchen, Hannover, Stockholm, Dublin, Lausanne, Napoles, Caserta, Milano, Hamman, Teheran, Cairo, Alexandria, Fez, Moskva, Tomsk, Casablanc&#8230;   <\/span><\/p><p><span style=\"font-weight: 400;\">Han spiller ofte med orkestre, og hans s\u00e6rlige projekt er suiten \u00bbRubato\u00ab, hvor han kombinerer klassisk musik med flamencoens temperament og lyrik. Han har spillet med Murcia Symphonic Orchestra, Tomsk Philarmonic Orchestra, Beethoven Academy Orchestra, Teplice Symphonic Orchestra, La Habana Chamber Orchestra, Lublin Philarmonic Orchestra, Kalisz Philharmonic Orchestra, \u0160v. Kristoforo Kamerinis Orkestras, Litauens statslige symfoniorkester &#8230; osv.  <\/span><\/p><p><span style=\"font-weight: 400;\">Han har udgivet syv cd&#8217;er som solist: &#8220;Cal-libiri&#8221; (1999), &#8220;Palosanto&#8221; (2001), &#8220;Mundos Flamencos&#8221; (2003), &#8220;Manos Libres&#8221; (2011), &#8220;Body &amp; Soul&#8221; (2013), &#8220;De la ra\u00edz al alma&#8221; (2015) og &#8220;Rubato&#8221; (2017). Han har udgivet nodebogen &#8220;Mi Sonanta&#8221; med RGB Arte Visual og &#8220;Flamenco Guitar&#8221; med Piles Music, S.A. Han har komponeret, instrueret og fortolket musikken til forestillingerne &#8220;P\u00f3ker Flamenco&#8221;, &#8220;A tiempo de Fuego&#8221;, &#8220;A Comp\u00e1s del Poeta&#8221;, &#8220;Pen\u00e9lope&#8221; og &#8220;El Celoso Extreme\u00f1o&#8221; for C\u00eda. Carmen y Matilde Rubio.  <\/span><\/p><p><span style=\"font-weight: 400;\">I \u00f8jeblikket kombinerer Carlos sit arbejde som ud\u00f8vende kunstner med sin aktivitet som professor i flamencoguitar ved musikkonservatoriet i Murcia. Han er ogs\u00e5 kunstnerisk leder af Murcias internationale guitarfestival. Carlos Pi\u00f1ana er perfekt i stand til at opretholde sin position i den ber\u00f8mte  <\/span><\/p>\t\t\t\t\t\t\t\t<\/div>\n\t\t\t\t<\/div>\n\t\t\t\t<div class=\"elementor-element elementor-element-30b5df9 elementor-widget elementor-widget-video\" data-id=\"30b5df9\" data-element_type=\"widget\" data-settings=\"{&quot;youtube_url&quot;:&quot;https:\\\/\\\/www.youtube.com\\\/watch?v=XQ8M_TjsRhE&quot;,&quot;video_type&quot;:&quot;youtube&quot;,&quot;controls&quot;:&quot;yes&quot;}\" data-widget_type=\"video.default\">\n\t\t\t\t<div class=\"elementor-widget-container\">\n\t\t\t\t\t\t\t<div class=\"elementor-wrapper elementor-open-inline\">\n\t\t\t<div class=\"elementor-video\"><\/div>\t\t<\/div>\n\t\t\t\t\t\t<\/div>\n\t\t\t\t<\/div>\n\t\t\t\t<\/div>\n\t\t<div class=\"elementor-element elementor-element-4d7bdc6 e-con-full e-flex e-con e-child\" data-id=\"4d7bdc6\" data-element_type=\"container\">\n\t\t\t\t<div class=\"elementor-element elementor-element-ce2cdad elementor-widget elementor-widget-text-editor\" data-id=\"ce2cdad\" data-element_type=\"widget\" data-widget_type=\"text-editor.default\">\n\t\t\t\t<div class=\"elementor-widget-container\">\n\t\t\t\t\t\t\t\t\t<p><strong>Mamen Ba\u00f1os, danser<\/strong><\/p><div class=\"x14z9mp xat24cr x1lziwak x1vvkbs xtlvy1s\"><div class=\"x14z9mp xat24cr x1lziwak x1vvkbs xtlvy1s\"><p><span style=\"font-weight: 400;\">Mamen Ba\u00f1os kommer fra en familie med en dyb flamencotradition, s\u00e5 hun har flamencoen i blodet. Hun begyndte sine danse- og koreografistudier p\u00e5 konservatoriet i Murcia og fortsatte dem p\u00e5 Amor de Dios, Spaniens vigtigste og mest prestigefyldte flamencodanseskole i Madrid. Hun er i \u00f8jeblikket koreograf for Ballet Espa\u00f1ol Antares, Ballet Flamenco Soji Kojima og Ballet Flamenco del Cante de las Minas.  <\/span><\/p><p><span style=\"font-weight: 400;\">Guillermo Ojados begyndte at studere dansekunsten i en alder af seks \u00e5r med sin l\u00e6rer Antonia Ramos. Senere fortsatte han sine studier med de bedste professionelle flamencodansere. Hans pr\u00e6stationsevner er blevet anerkendt med hovedprisen i Danza Orbe-konkurrencen. I de sidste fem \u00e5r har han v\u00e6ret medlem af Compa\u00f1\u00eda Murciana de Danza, et konservatorium i Murcia, og har danset p\u00e5 scenerne i de vigtigste teatre i Spanien og i hele Europa. I 2017, efter at have taget sin eksamen i Arte Flamenco, blev han direkt\u00f8r og koreograf for Compa\u00f1\u00eda de Danza.    <\/span><\/p><\/div><\/div>\t\t\t\t\t\t\t\t<\/div>\n\t\t\t\t<\/div>\n\t\t\t\t<div class=\"elementor-element elementor-element-3786bc7 elementor-widget elementor-widget-text-editor\" data-id=\"3786bc7\" data-element_type=\"widget\" data-widget_type=\"text-editor.default\">\n\t\t\t\t<div class=\"elementor-widget-container\">\n\t\t\t\t\t\t\t\t\t<p><b>Guillermo Ojados, danser<\/b><\/p><div class=\"x14z9mp xat24cr x1lziwak x1vvkbs xtlvy1s\"><div class=\"x14z9mp xat24cr x1lziwak x1vvkbs xtlvy1s\"><span style=\"font-weight: 400;\">Han begyndte sine studier hos l\u00e6reren Antonia Ramos i Cartagena, da han var 6 \u00e5r, og fra det \u00f8jeblik fortsatte han sin tr\u00e6ning med de bedste flamenco-maestros. Han har v\u00e6ret en del af \u00bbCompa\u00f1\u00eda Murciana de Danza\u00ab p\u00e5 konservatoriet i Murcia i 5 \u00e5r og danset p\u00e5 adskillige teatre i Spanien og rundt om i Europa. Han dimitterede fra Arte Flamenco i 2017. Han er ogs\u00e5 instrukt\u00f8r og koreograf for \u00bbCompa\u00f1\u00eda de Danza\u00ab i Cartagena, og i \u00f8jeblikket er han en del af maestro Carlos Pi\u00f1anas kunstneriske projekt \u00bbFlamenco ma non troppo\u00ab. Han vandt ogs\u00e5 prisen \u00bbFil\u00f3n\u00ab p\u00e5 den internationale festival \u00bbCante de las minas\u00ab og i \u00bbDanza Orbe\u00ab-konkurrencen.    <\/span><\/div><\/div>\t\t\t\t\t\t\t\t<\/div>\n\t\t\t\t<\/div>\n\t\t\t\t<div class=\"elementor-element elementor-element-a59448e elementor-widget elementor-widget-text-editor\" data-id=\"a59448e\" data-element_type=\"widget\" data-widget_type=\"text-editor.default\">\n\t\t\t\t<div class=\"elementor-widget-container\">\n\t\t\t\t\t\t\t\t\t<p><b>Miguel \u00c1ngel Orengo slagt\u00f8j<\/b><\/p><div class=\"x14z9mp xat24cr x1lziwak x1vvkbs xtlvy1s\"><div class=\"x14z9mp xat24cr x1lziwak x1vvkbs xtlvy1s\"><p><span style=\"font-weight: 400;\">Murcia, 22. april 1977. Trommer og slagt\u00f8j. Den f\u00f8rste musikalske oplevelse var at spille med Guadalupes bl\u00e6serorkester, da han var fem \u00e5r gammel. Som ti\u00e5rig begyndte han p\u00e5 klassisk slagt\u00f8j p\u00e5 Conservatory Superior of Music i Murcia, hvor han til sidst opn\u00e5ede de h\u00f8jeste karakterer og den s\u00e6rlige pris i symfonisk slagt\u00f8j. Han studerede med Nasheet Waits, Dan Rieser, Antonio Sanchez, Bill Stewart, Marc Miralta, Jordi Rossy, Pakito Baeza, Rubem Dantas, Roberto Vizca\u00edno, Miguel Anga, Jerry Gonzalez, Ney Rosauro, Gert Mortensen, Pedro Estevan, Miguel Bernat, Manel Ramada, Jose Armando Garcia, Jose Garcia-Abell\u00e1n, osv &#8230; Tildelt i den 1. Eurodrummer-konkurrence 2001. Pris for bedste instrumentale akkompagnement i den nationale konkurrence for sangskrivere Ciudad de Elche 2003. For nylig har han indspillet \u00bbReikiavic\u00ab (med pianisten Abdon Alcaraz), som anmelderne i \u00bbFlamenco Hoy Awards\u00ab har udn\u00e6vnt til \u00bb2010 Best Instrumental Album\u00ab.          <\/span><\/p><\/div><\/div>\t\t\t\t\t\t\t\t<\/div>\n\t\t\t\t<\/div>\n\t\t\t\t<div class=\"elementor-element elementor-element-197cb81 elementor-widget elementor-widget-video\" data-id=\"197cb81\" data-element_type=\"widget\" data-settings=\"{&quot;youtube_url&quot;:&quot;https:\\\/\\\/www.youtube.com\\\/watch?v=C_-1vukbZ9g&quot;,&quot;video_type&quot;:&quot;youtube&quot;,&quot;controls&quot;:&quot;yes&quot;}\" data-widget_type=\"video.default\">\n\t\t\t\t<div class=\"elementor-widget-container\">\n\t\t\t\t\t\t\t<div class=\"elementor-wrapper elementor-open-inline\">\n\t\t\t<div class=\"elementor-video\"><\/div>\t\t<\/div>\n\t\t\t\t\t\t<\/div>\n\t\t\t\t<\/div>\n\t\t\t\t<\/div>\n\t\t\t\t\t<\/div>\n\t\t\t\t<\/div>\n\t\t\t\t<\/div>\n\t\t","protected":false},"excerpt":{"rendered":"<p>Carlos Pi\u00f1ana-gruppen Flamencostjerner bes\u00f8ger Aalborg, n\u00e5r Carlos Pi\u00f1ana Group g\u00e6ster Folkekirkens hus med forestillingen \u00bbFLAMENCO MA NON TROPPO komponeret af Carlos Pi\u00f1ana\u00ab. N\u00e5r k\u00e6kheden og drivkraften f\u00e5r to kroppe til at reagere ud fra k\u00e6rlighed og behov, uh\u00f8jtideligt, er resultatet derfor naturligt. Forpligtet p\u00e5 dansen og musikken, respekten for den rene flamenco og fusionen med [&hellip;]<\/p>\n","protected":false},"author":1,"featured_media":0,"parent":0,"menu_order":0,"comment_status":"closed","ping_status":"closed","template":"","meta":{"site-sidebar-layout":"no-sidebar","site-content-layout":"page-builder","ast-site-content-layout":"full-width-container","site-content-style":"unboxed","site-sidebar-style":"unboxed","ast-global-header-display":"","ast-banner-title-visibility":"","ast-main-header-display":"","ast-hfb-above-header-display":"","ast-hfb-below-header-display":"","ast-hfb-mobile-header-display":"","site-post-title":"disabled","ast-breadcrumbs-content":"","ast-featured-img":"disabled","footer-sml-layout":"","ast-disable-related-posts":"","theme-transparent-header-meta":"default","adv-header-id-meta":"","stick-header-meta":"","header-above-stick-meta":"","header-main-stick-meta":"","header-below-stick-meta":"","astra-migrate-meta-layouts":"set","ast-page-background-enabled":"default","ast-page-background-meta":{"desktop":{"background-color":"var(--ast-global-color-4)","background-image":"","background-repeat":"repeat","background-position":"center center","background-size":"auto","background-attachment":"scroll","background-type":"","background-media":"","overlay-type":"","overlay-color":"","overlay-opacity":"","overlay-gradient":""},"tablet":{"background-color":"","background-image":"","background-repeat":"repeat","background-position":"center center","background-size":"auto","background-attachment":"scroll","background-type":"","background-media":"","overlay-type":"","overlay-color":"","overlay-opacity":"","overlay-gradient":""},"mobile":{"background-color":"","background-image":"","background-repeat":"repeat","background-position":"center center","background-size":"auto","background-attachment":"scroll","background-type":"","background-media":"","overlay-type":"","overlay-color":"","overlay-opacity":"","overlay-gradient":""}},"ast-content-background-meta":{"desktop":{"background-color":"var(--ast-global-color-5)","background-image":"","background-repeat":"repeat","background-position":"center center","background-size":"auto","background-attachment":"scroll","background-type":"","background-media":"","overlay-type":"","overlay-color":"","overlay-opacity":"","overlay-gradient":""},"tablet":{"background-color":"var(--ast-global-color-5)","background-image":"","background-repeat":"repeat","background-position":"center center","background-size":"auto","background-attachment":"scroll","background-type":"","background-media":"","overlay-type":"","overlay-color":"","overlay-opacity":"","overlay-gradient":""},"mobile":{"background-color":"var(--ast-global-color-5)","background-image":"","background-repeat":"repeat","background-position":"center center","background-size":"auto","background-attachment":"scroll","background-type":"","background-media":"","overlay-type":"","overlay-color":"","overlay-opacity":"","overlay-gradient":""}},"footnotes":""},"class_list":["post-12604","page","type-page","status-publish","hentry"],"yoast_head":"<!-- This site is optimized with the Yoast SEO plugin v27.5 - https:\/\/yoast.com\/product\/yoast-seo-wordpress\/ -->\n<title>Carlos Pi\u00f1ana-gruppen | Aalborg Guitar Festival &amp; Competition<\/title>\n<meta name=\"robots\" content=\"index, follow, max-snippet:-1, max-image-preview:large, max-video-preview:-1\" \/>\n<link rel=\"canonical\" href=\"https:\/\/aalborgguitarfestival.com\/da\/carlos-pinana-gruppen\/\" \/>\n<meta property=\"og:locale\" content=\"da_DK\" \/>\n<meta property=\"og:type\" content=\"article\" \/>\n<meta property=\"og:title\" content=\"Carlos Pi\u00f1ana-gruppen | Aalborg Guitar Festival &amp; Competition\" \/>\n<meta property=\"og:description\" content=\"Carlos Pi\u00f1ana-gruppen Flamencostjerner bes\u00f8ger Aalborg, n\u00e5r Carlos Pi\u00f1ana Group g\u00e6ster Folkekirkens hus med forestillingen \u00bbFLAMENCO MA NON TROPPO komponeret af Carlos Pi\u00f1ana\u00ab. N\u00e5r k\u00e6kheden og drivkraften f\u00e5r to kroppe til at reagere ud fra k\u00e6rlighed og behov, uh\u00f8jtideligt, er resultatet derfor naturligt. Forpligtet p\u00e5 dansen og musikken, respekten for den rene flamenco og fusionen med [&hellip;]\" \/>\n<meta property=\"og:url\" content=\"https:\/\/aalborgguitarfestival.com\/da\/carlos-pinana-gruppen\/\" \/>\n<meta property=\"og:site_name\" content=\"Aalborg Guitar Festival &amp; Competition\" \/>\n<meta property=\"article:publisher\" content=\"https:\/\/www.facebook.com\/Aalborgguitarfestival\" \/>\n<meta property=\"og:image\" content=\"https:\/\/aalborgguitarfestival.com\/wp-content\/uploads\/2025\/06\/Carlos-group-768x432.webp\" \/>\n<meta name=\"twitter:card\" content=\"summary_large_image\" \/>\n<meta name=\"twitter:label1\" content=\"Estimeret l\u00e6setid\" \/>\n\t<meta name=\"twitter:data1\" content=\"5 minutter\" \/>\n<script type=\"application\/ld+json\" class=\"yoast-schema-graph\">{\"@context\":\"https:\\\/\\\/schema.org\",\"@graph\":[{\"@type\":\"WebPage\",\"@id\":\"https:\\\/\\\/aalborgguitarfestival.com\\\/da\\\/carlos-pinana-gruppen\\\/\",\"url\":\"https:\\\/\\\/aalborgguitarfestival.com\\\/da\\\/carlos-pinana-gruppen\\\/\",\"name\":\"Carlos Pi\u00f1ana-gruppen | Aalborg Guitar Festival &amp; Competition\",\"isPartOf\":{\"@id\":\"https:\\\/\\\/aalborgguitarfestival.com\\\/#website\"},\"primaryImageOfPage\":{\"@id\":\"https:\\\/\\\/aalborgguitarfestival.com\\\/da\\\/carlos-pinana-gruppen\\\/#primaryimage\"},\"image\":{\"@id\":\"https:\\\/\\\/aalborgguitarfestival.com\\\/da\\\/carlos-pinana-gruppen\\\/#primaryimage\"},\"thumbnailUrl\":\"https:\\\/\\\/aalborgguitarfestival.com\\\/wp-content\\\/uploads\\\/2025\\\/06\\\/Carlos-group-768x432.webp\",\"datePublished\":\"2025-10-28T15:06:36+00:00\",\"breadcrumb\":{\"@id\":\"https:\\\/\\\/aalborgguitarfestival.com\\\/da\\\/carlos-pinana-gruppen\\\/#breadcrumb\"},\"inLanguage\":\"da-DK\",\"potentialAction\":[{\"@type\":\"ReadAction\",\"target\":[\"https:\\\/\\\/aalborgguitarfestival.com\\\/da\\\/carlos-pinana-gruppen\\\/\"]}]},{\"@type\":\"ImageObject\",\"inLanguage\":\"da-DK\",\"@id\":\"https:\\\/\\\/aalborgguitarfestival.com\\\/da\\\/carlos-pinana-gruppen\\\/#primaryimage\",\"url\":\"https:\\\/\\\/aalborgguitarfestival.com\\\/wp-content\\\/uploads\\\/2025\\\/06\\\/Carlos-group-768x432.webp\",\"contentUrl\":\"https:\\\/\\\/aalborgguitarfestival.com\\\/wp-content\\\/uploads\\\/2025\\\/06\\\/Carlos-group-768x432.webp\"},{\"@type\":\"BreadcrumbList\",\"@id\":\"https:\\\/\\\/aalborgguitarfestival.com\\\/da\\\/carlos-pinana-gruppen\\\/#breadcrumb\",\"itemListElement\":[{\"@type\":\"ListItem\",\"position\":1,\"name\":\"Hjem\",\"item\":\"https:\\\/\\\/aalborgguitarfestival.com\\\/da\\\/home\\\/\"},{\"@type\":\"ListItem\",\"position\":2,\"name\":\"Carlos Pi\u00f1ana-gruppen\"}]},{\"@type\":\"WebSite\",\"@id\":\"https:\\\/\\\/aalborgguitarfestival.com\\\/#website\",\"url\":\"https:\\\/\\\/aalborgguitarfestival.com\\\/\",\"name\":\"Aalborg Guitar Festival &amp; Competition\",\"description\":\"Concerts - Competitions - Masterclasses - Workshops - Exhibitions\",\"publisher\":{\"@id\":\"https:\\\/\\\/aalborgguitarfestival.com\\\/#organization\"},\"potentialAction\":[{\"@type\":\"SearchAction\",\"target\":{\"@type\":\"EntryPoint\",\"urlTemplate\":\"https:\\\/\\\/aalborgguitarfestival.com\\\/?s={search_term_string}\"},\"query-input\":{\"@type\":\"PropertyValueSpecification\",\"valueRequired\":true,\"valueName\":\"search_term_string\"}}],\"inLanguage\":\"da-DK\"},{\"@type\":\"Organization\",\"@id\":\"https:\\\/\\\/aalborgguitarfestival.com\\\/#organization\",\"name\":\"Aalborg Guitar Festival & Competitions\",\"url\":\"https:\\\/\\\/aalborgguitarfestival.com\\\/\",\"logo\":{\"@type\":\"ImageObject\",\"inLanguage\":\"da-DK\",\"@id\":\"https:\\\/\\\/aalborgguitarfestival.com\\\/#\\\/schema\\\/logo\\\/image\\\/\",\"url\":\"https:\\\/\\\/aalborgguitarfestival.com\\\/wp-content\\\/uploads\\\/2022\\\/06\\\/Original-Logo-1536x710-1.png\",\"contentUrl\":\"https:\\\/\\\/aalborgguitarfestival.com\\\/wp-content\\\/uploads\\\/2022\\\/06\\\/Original-Logo-1536x710-1.png\",\"width\":612,\"height\":200,\"caption\":\"Aalborg Guitar Festival & Competitions\"},\"image\":{\"@id\":\"https:\\\/\\\/aalborgguitarfestival.com\\\/#\\\/schema\\\/logo\\\/image\\\/\"},\"sameAs\":[\"https:\\\/\\\/www.facebook.com\\\/Aalborgguitarfestival\",\"https:\\\/\\\/www.instagram.com\\\/aalborgguitarfestival\\\/\"]}]}<\/script>\n<!-- \/ Yoast SEO plugin. -->","yoast_head_json":{"title":"Carlos Pi\u00f1ana-gruppen | Aalborg Guitar Festival &amp; Competition","robots":{"index":"index","follow":"follow","max-snippet":"max-snippet:-1","max-image-preview":"max-image-preview:large","max-video-preview":"max-video-preview:-1"},"canonical":"https:\/\/aalborgguitarfestival.com\/da\/carlos-pinana-gruppen\/","og_locale":"da_DK","og_type":"article","og_title":"Carlos Pi\u00f1ana-gruppen | Aalborg Guitar Festival &amp; Competition","og_description":"Carlos Pi\u00f1ana-gruppen Flamencostjerner bes\u00f8ger Aalborg, n\u00e5r Carlos Pi\u00f1ana Group g\u00e6ster Folkekirkens hus med forestillingen \u00bbFLAMENCO MA NON TROPPO komponeret af Carlos Pi\u00f1ana\u00ab. N\u00e5r k\u00e6kheden og drivkraften f\u00e5r to kroppe til at reagere ud fra k\u00e6rlighed og behov, uh\u00f8jtideligt, er resultatet derfor naturligt. Forpligtet p\u00e5 dansen og musikken, respekten for den rene flamenco og fusionen med [&hellip;]","og_url":"https:\/\/aalborgguitarfestival.com\/da\/carlos-pinana-gruppen\/","og_site_name":"Aalborg Guitar Festival &amp; Competition","article_publisher":"https:\/\/www.facebook.com\/Aalborgguitarfestival","og_image":[{"url":"https:\/\/aalborgguitarfestival.com\/wp-content\/uploads\/2025\/06\/Carlos-group-768x432.webp","type":"","width":"","height":""}],"twitter_card":"summary_large_image","twitter_misc":{"Estimeret l\u00e6setid":"5 minutter"},"schema":{"@context":"https:\/\/schema.org","@graph":[{"@type":"WebPage","@id":"https:\/\/aalborgguitarfestival.com\/da\/carlos-pinana-gruppen\/","url":"https:\/\/aalborgguitarfestival.com\/da\/carlos-pinana-gruppen\/","name":"Carlos Pi\u00f1ana-gruppen | Aalborg Guitar Festival &amp; Competition","isPartOf":{"@id":"https:\/\/aalborgguitarfestival.com\/#website"},"primaryImageOfPage":{"@id":"https:\/\/aalborgguitarfestival.com\/da\/carlos-pinana-gruppen\/#primaryimage"},"image":{"@id":"https:\/\/aalborgguitarfestival.com\/da\/carlos-pinana-gruppen\/#primaryimage"},"thumbnailUrl":"https:\/\/aalborgguitarfestival.com\/wp-content\/uploads\/2025\/06\/Carlos-group-768x432.webp","datePublished":"2025-10-28T15:06:36+00:00","breadcrumb":{"@id":"https:\/\/aalborgguitarfestival.com\/da\/carlos-pinana-gruppen\/#breadcrumb"},"inLanguage":"da-DK","potentialAction":[{"@type":"ReadAction","target":["https:\/\/aalborgguitarfestival.com\/da\/carlos-pinana-gruppen\/"]}]},{"@type":"ImageObject","inLanguage":"da-DK","@id":"https:\/\/aalborgguitarfestival.com\/da\/carlos-pinana-gruppen\/#primaryimage","url":"https:\/\/aalborgguitarfestival.com\/wp-content\/uploads\/2025\/06\/Carlos-group-768x432.webp","contentUrl":"https:\/\/aalborgguitarfestival.com\/wp-content\/uploads\/2025\/06\/Carlos-group-768x432.webp"},{"@type":"BreadcrumbList","@id":"https:\/\/aalborgguitarfestival.com\/da\/carlos-pinana-gruppen\/#breadcrumb","itemListElement":[{"@type":"ListItem","position":1,"name":"Hjem","item":"https:\/\/aalborgguitarfestival.com\/da\/home\/"},{"@type":"ListItem","position":2,"name":"Carlos Pi\u00f1ana-gruppen"}]},{"@type":"WebSite","@id":"https:\/\/aalborgguitarfestival.com\/#website","url":"https:\/\/aalborgguitarfestival.com\/","name":"Aalborg Guitar Festival &amp; Competition","description":"Concerts - Competitions - Masterclasses - Workshops - Exhibitions","publisher":{"@id":"https:\/\/aalborgguitarfestival.com\/#organization"},"potentialAction":[{"@type":"SearchAction","target":{"@type":"EntryPoint","urlTemplate":"https:\/\/aalborgguitarfestival.com\/?s={search_term_string}"},"query-input":{"@type":"PropertyValueSpecification","valueRequired":true,"valueName":"search_term_string"}}],"inLanguage":"da-DK"},{"@type":"Organization","@id":"https:\/\/aalborgguitarfestival.com\/#organization","name":"Aalborg Guitar Festival & Competitions","url":"https:\/\/aalborgguitarfestival.com\/","logo":{"@type":"ImageObject","inLanguage":"da-DK","@id":"https:\/\/aalborgguitarfestival.com\/#\/schema\/logo\/image\/","url":"https:\/\/aalborgguitarfestival.com\/wp-content\/uploads\/2022\/06\/Original-Logo-1536x710-1.png","contentUrl":"https:\/\/aalborgguitarfestival.com\/wp-content\/uploads\/2022\/06\/Original-Logo-1536x710-1.png","width":612,"height":200,"caption":"Aalborg Guitar Festival & Competitions"},"image":{"@id":"https:\/\/aalborgguitarfestival.com\/#\/schema\/logo\/image\/"},"sameAs":["https:\/\/www.facebook.com\/Aalborgguitarfestival","https:\/\/www.instagram.com\/aalborgguitarfestival\/"]}]}},"_links":{"self":[{"href":"https:\/\/aalborgguitarfestival.com\/da\/wp-json\/wp\/v2\/pages\/12604","targetHints":{"allow":["GET"]}}],"collection":[{"href":"https:\/\/aalborgguitarfestival.com\/da\/wp-json\/wp\/v2\/pages"}],"about":[{"href":"https:\/\/aalborgguitarfestival.com\/da\/wp-json\/wp\/v2\/types\/page"}],"author":[{"embeddable":true,"href":"https:\/\/aalborgguitarfestival.com\/da\/wp-json\/wp\/v2\/users\/1"}],"replies":[{"embeddable":true,"href":"https:\/\/aalborgguitarfestival.com\/da\/wp-json\/wp\/v2\/comments?post=12604"}],"version-history":[{"count":4,"href":"https:\/\/aalborgguitarfestival.com\/da\/wp-json\/wp\/v2\/pages\/12604\/revisions"}],"predecessor-version":[{"id":13504,"href":"https:\/\/aalborgguitarfestival.com\/da\/wp-json\/wp\/v2\/pages\/12604\/revisions\/13504"}],"wp:attachment":[{"href":"https:\/\/aalborgguitarfestival.com\/da\/wp-json\/wp\/v2\/media?parent=12604"}],"curies":[{"name":"wp","href":"https:\/\/api.w.org\/{rel}","templated":true}]}}